{"id":596,"date":"2016-02-09T16:29:47","date_gmt":"2016-02-09T14:29:47","guid":{"rendered":"http:\/\/goerlitzer-meridian.de\/?page_id=596"},"modified":"2025-09-23T15:53:41","modified_gmt":"2025-09-23T13:53:41","slug":"programm","status":"publish","type":"page","link":"https:\/\/goerlitzer-meridian.de\/?page_id=596","title":{"rendered":"Programm"},"content":{"rendered":"<h2><span style=\"color: #000000;\">Samstag, den 27. September 2025<br \/>\n<\/span><\/h2>\n<h3><span style=\"color: #000000;\"><strong>(Humboldthaus Platz des 17. Juni 2, 02826 G\u00f6rlitz)<\/strong><\/span><\/h3>\n<h2 style=\"padding-left: 40px;\"><span style=\"color: #000000;\">Filmschau <strong>14:00 bis 18:00 Uhr <\/strong><br \/>\n<\/span><\/h2>\n<p style=\"padding-left: 40px;\">Im Rahmen dieser Werkschau am Nachmittag pr\u00e4sentieren die Preistr\u00e4ger eine Auswahl Ihrer Produktionen. Dabei werden sie \u00fcber spannende Abenteuer und ihre Arbeit als Naturfilmer sprechen.<\/p>\n<p style=\"padding-left: 40px;\"><span style=\"color: #000000;\">14:00 Uhr <\/span><span style=\"color: #000000;\">Begr\u00fc\u00dfung<\/span><\/p>\n<p style=\"padding-left: 40px;\"><span data-contrast=\"auto\">14.10 \u2013 15.00 Uhr <\/span><b><span data-contrast=\"auto\">Die R\u00fcckkehr der Auerochsen<\/span><\/b><span data-ccp-props=\"{}\">\u00a0<\/span><\/p>\n<p style=\"padding-left: 40px;\"><em>Gespr\u00e4ch\u00a0<\/em><\/p>\n<p style=\"padding-left: 40px;\"><span data-contrast=\"auto\">15.10 \u2013 16.00 Uhr <\/span><b><span data-contrast=\"auto\">Geheimnisvolles Tschechien \u2013 Ein Land wie im M\u00e4rchen<\/span><\/b><span data-ccp-props=\"{}\">\u00a0<\/span><\/p>\n<p style=\"padding-left: 40px;\"><em>Pause\u00a0<\/em><span data-ccp-props=\"{}\"><br \/>\n<\/span><\/p>\n<p style=\"padding-left: 40px;\"><span data-contrast=\"auto\">16.15 \u2013 17.05 <\/span><b><span data-contrast=\"auto\">Nationalpark Kalkalpen \u2013 Zur\u00fcck zum Urwald<\/span><\/b><span data-ccp-props=\"{}\">\u00a0<\/span><\/p>\n<p style=\"padding-left: 40px;\"><em>Gespr\u00e4ch\u00a0<\/em><\/p>\n<p style=\"padding-left: 40px;\"><span data-contrast=\"auto\">17.15 \u2013 18.05 Uhr\u00a0<\/span><b><span data-contrast=\"auto\">Sambesi \u2013 Der Donnernde Fluss <\/span><\/b><span data-ccp-props=\"{}\"><br \/>\n<\/span><\/p>\n<p style=\"padding-left: 40px;\"><em><span style=\"color: #000000;\">In der Pause Getr\u00e4nke &amp; Kuchenverkauf<\/span><\/em><\/p>\n<p style=\"padding-left: 40px;\"><span style=\"color: #808080;\">Eintritt: 6,00 \u20ac \/ 4,00 \u20ac erm\u00e4\u00dfigt \/ 12,00 \u20ac Familienkarte. Karten erhalten Sie im Vorverkauf an der Kasse des Senckenberg Museums f\u00fcr Naturkunde G\u00f6rlitz (Am Museum 1, 02826 G\u00f6rlitz, Eingang Marienplatz, Di\u2013Fr 10-17 Uhr, Sa\u2013So 10-18 Uhr) oder an der Tageskasse<\/span><\/p>\n<h3><\/h3>\n<h2 style=\"padding-left: 40px;\"><span style=\"color: #000000;\">Festakt <strong>19:00 bis 20:45 Uhr<\/strong><\/span><\/h2>\n<div class=\"default-style\" style=\"padding-left: 40px;\">\n<div class=\"default-style\">Gru\u00dfworte: Octavian Ursu, Oberb\u00fcrgermeister der Stadt G\u00f6rlitz,<br \/>\nMarkus Franke, Bevollm\u00e4chtigter des Freistaates Sachsen beim Bund<\/div>\n<div class=\"default-style\"><\/div>\n<div class=\"default-style\">Laudatio: Walter K\u00f6hler (CEO Terra Mater Wien)<br \/>\n&amp; Dr. Norbert Winding (Dir. i.R, Haus der Natur Salzburg)<\/div>\n<div class=\"default-style\"><\/div>\n<div class=\"default-style\">Highlights aus dem Werk von Dr. Rita und Dr. Michael Schlamberger<\/div>\n<div class=\"default-style\"><\/div>\n<div class=\"default-style\">Verleihung des G\u00f6rlitzer Meridian-Naturfilmpreises<\/div>\n<p><span style=\"color: #808080;\">Eintritt frei.<br \/>\n<\/span><\/p>\n<\/div>\n<div class=\"default-style\"><\/div>\n<div class=\"default-style\"><span style=\"color: #808080;\">F\u00fcr G\u00e4ste au\u00dferhalb von G\u00f6rlitz: \u00dcbernachten in G\u00f6rlitz bitte &gt;&gt; <a style=\"color: #808080;\" href=\"https:\/\/www.goerlitz.de\/Buchen_UEbernachten.html\"><span style=\"color: #000000;\">hier entlang<\/span><\/a> &lt;&lt;.<\/span><\/div>\n","protected":false},"excerpt":{"rendered":"<p>Samstag, den 27. September 2025 (Humboldthaus Platz des 17. Juni 2, 02826 G\u00f6rlitz) Filmschau 14:00 bis 18:00 Uhr Im Rahmen dieser Werkschau am Nachmittag pr\u00e4sentieren die Preistr\u00e4ger eine Auswahl Ihrer Produktionen. Dabei werden sie \u00fcber spannende Abenteuer und ihre Arbeit als Naturfilmer sprechen. 14:00 Uhr Begr\u00fc\u00dfung 14.10 \u2013 15.00 Uhr Die R\u00fcckkehr der Auerochsen\u00a0 Gespr\u00e4ch\u00a0 [&hellip;]<\/p>\n","protected":false},"author":1,"featured_media":0,"parent":0,"menu_order":0,"comment_status":"closed","ping_status":"closed","template":"","meta":{"footnotes":""},"class_list":["post-596","page","type-page","status-publish","hentry"],"_links":{"self":[{"href":"https:\/\/goerlitzer-meridian.de\/index.php?rest_route=\/wp\/v2\/pages\/596","targetHints":{"allow":["GET"]}}],"collection":[{"href":"https:\/\/goerlitzer-meridian.de\/index.php?rest_route=\/wp\/v2\/pages"}],"about":[{"href":"https:\/\/goerlitzer-meridian.de\/index.php?rest_route=\/wp\/v2\/types\/page"}],"author":[{"embeddable":true,"href":"https:\/\/goerlitzer-meridian.de\/index.php?rest_route=\/wp\/v2\/users\/1"}],"replies":[{"embeddable":true,"href":"https:\/\/goerlitzer-meridian.de\/index.php?rest_route=%2Fwp%2Fv2%2Fcomments&post=596"}],"version-history":[{"count":46,"href":"https:\/\/goerlitzer-meridian.de\/index.php?rest_route=\/wp\/v2\/pages\/596\/revisions"}],"predecessor-version":[{"id":1085,"href":"https:\/\/goerlitzer-meridian.de\/index.php?rest_route=\/wp\/v2\/pages\/596\/revisions\/1085"}],"wp:attachment":[{"href":"https:\/\/goerlitzer-meridian.de\/index.php?rest_route=%2Fwp%2Fv2%2Fmedia&parent=596"}],"curies":[{"name":"wp","href":"https:\/\/api.w.org\/{rel}","templated":true}]}}