{"id":99,"date":"2014-01-28T16:26:59","date_gmt":"2014-01-28T14:26:59","guid":{"rendered":"http:\/\/goerlitzer-meridian.de\/?page_id=99"},"modified":"2014-04-02T11:22:32","modified_gmt":"2014-04-02T09:22:32","slug":"programm","status":"publish","type":"page","link":"https:\/\/goerlitzer-meridian.de\/?page_id=99","title":{"rendered":"Impressionen von der Preisverleihung am 15.03.2014"},"content":{"rendered":"<p><span style=\"text-decoration: underline;\"><strong>14.00 bis 17.00 Uhr Filmnachmittag<\/strong><\/span><\/p>\n<p><span>Ranga Yogeshwar zeigte und kommentierte ausgew\u00e4hlte Werke seines filmischen Schaffens.<\/span><\/p>\n<p><span><img loading=\"lazy\" decoding=\"async\" class=\"size-full wp-image-465 alignnone\" alt=\"Filmnachmittag_1\" src=\"https:\/\/goerlitzer-meridian.de\/wp-content\/uploads\/2014\/01\/Filmnachmittag_1.jpg\" width=\"207\" height=\"200\" \/> \u00a0<img loading=\"lazy\" decoding=\"async\" class=\"alignnone size-full wp-image-466\" alt=\"Filmnachmittag_2\" src=\"https:\/\/goerlitzer-meridian.de\/wp-content\/uploads\/2014\/01\/Filmnachmittag_2.jpg\" width=\"253\" height=\"200\" \/>\u00a0 <img loading=\"lazy\" decoding=\"async\" class=\"alignnone size-full wp-image-467\" alt=\"Filmnachmittag_3\" src=\"https:\/\/goerlitzer-meridian.de\/wp-content\/uploads\/2014\/01\/Filmnachmittag_3.jpg\" width=\"167\" height=\"200\" \/> \u00a0<img loading=\"lazy\" decoding=\"async\" class=\"alignnone size-full wp-image-468\" alt=\"Filmnachmittag_4\" src=\"https:\/\/goerlitzer-meridian.de\/wp-content\/uploads\/2014\/01\/Filmnachmittag_4.jpg\" width=\"260\" height=\"199\" \/> \u00a0<img loading=\"lazy\" decoding=\"async\" class=\"alignnone size-full wp-image-469\" alt=\"Filmnachmittag_5\" src=\"https:\/\/goerlitzer-meridian.de\/wp-content\/uploads\/2014\/01\/Filmnachmittag_5.jpg\" width=\"300\" height=\"200\" \/><br \/>\n<\/span><\/p>\n<p>&nbsp;<\/p>\n<p><span style=\"text-decoration: underline;\"><strong>19.00 Uhr Festakt<\/strong><\/span><\/p>\n<p><span>Verleihung des Meridian-Naturfilmpreises an Ranga Yogeshwar.<\/span><\/p>\n<p><span>Die Laudatio hielt der Botaniker <a href=\"http:\/\/www.nees.uni-bonn.de\/mitarbeiter\/cvs\/curriculum-vitae-wilhelm-barthlott\" target=\"_blank\"><span><strong>Prof. Dr. Wilhelm Barthlott<\/strong><\/span><\/a>.<\/span><\/p>\n<p><span><img loading=\"lazy\" decoding=\"async\" class=\"alignnone size-full wp-image-473\" alt=\"Festakt_2\" src=\"https:\/\/goerlitzer-meridian.de\/wp-content\/uploads\/2014\/01\/Festakt_2.jpg\" width=\"226\" height=\"168\" \/> \u00a0<img loading=\"lazy\" decoding=\"async\" class=\"alignnone size-full wp-image-474\" alt=\"Festakt_2a\" src=\"https:\/\/goerlitzer-meridian.de\/wp-content\/uploads\/2014\/01\/Festakt_2a.jpg\" width=\"264\" height=\"169\" \/><br \/>\n<span style=\"color: #808080;\">Laudator Prof. Dr. Wilhelm Barthlott benannte zu Ehren des Preistr\u00e4gers eine Springkraut-Art nach Ranga Yogeshwar.<\/span><br \/>\n<\/span><\/p>\n<p><span><img loading=\"lazy\" decoding=\"async\" class=\"alignnone size-full wp-image-475\" alt=\"Festakt_2b\" src=\"https:\/\/goerlitzer-meridian.de\/wp-content\/uploads\/2014\/01\/Festakt_2b.jpg\" width=\"300\" height=\"200\" \/> \u00a0<img loading=\"lazy\" decoding=\"async\" class=\"alignnone size-full wp-image-476\" alt=\"Festakt_3\" src=\"https:\/\/goerlitzer-meridian.de\/wp-content\/uploads\/2014\/01\/Festakt_3.jpg\" width=\"277\" height=\"200\" \/><br \/>\n<span style=\"color: #808080;\">Thomas Neumann, der Vorsitzende des F\u00f6rderkreises Naturkundemuseum G\u00f6rlitz, \u00fcbergab den Preis an Ranga Yogeshwar&#8230;<\/span><br \/>\n<\/span><\/p>\n<p><span><img loading=\"lazy\" decoding=\"async\" class=\"alignnone size-full wp-image-477\" alt=\"Festakt_4\" src=\"https:\/\/goerlitzer-meridian.de\/wp-content\/uploads\/2014\/01\/Festakt_4.jpg\" width=\"300\" height=\"225\" \/>\u00a0 <img loading=\"lazy\" decoding=\"async\" class=\"alignnone size-full wp-image-472\" alt=\"Festakt_1\" src=\"https:\/\/goerlitzer-meridian.de\/wp-content\/uploads\/2014\/01\/Festakt_1.jpg\" width=\"202\" height=\"200\" \/><br \/>\n<span style=\"color: #808080;\">&#8230; und Rolf Berndt, Schatzmeister des F\u00f6rderkreises, den Scheck \u00fcber das dazugeh\u00f6rige Preisgeld.<\/span><br \/>\n<\/span><\/p>\n<p><span style=\"color: #808080;\">Fotos \u00a9 Senckenberg Museum f\u00fcr Naturkunde G\u00f6rlitz<\/span><\/p>\n","protected":false},"excerpt":{"rendered":"<p>14.00 bis 17.00 Uhr Filmnachmittag Ranga Yogeshwar zeigte und kommentierte ausgew\u00e4hlte Werke seines filmischen Schaffens. \u00a0\u00a0 \u00a0 \u00a0 &nbsp; 19.00 Uhr Festakt Verleihung des Meridian-Naturfilmpreises an Ranga Yogeshwar. Die Laudatio hielt der Botaniker Prof. Dr. Wilhelm Barthlott. \u00a0 Laudator Prof. Dr. Wilhelm Barthlott benannte zu Ehren des Preistr\u00e4gers eine Springkraut-Art nach Ranga Yogeshwar. \u00a0 Thomas [&hellip;]<\/p>\n","protected":false},"author":1,"featured_media":0,"parent":85,"menu_order":2,"comment_status":"closed","ping_status":"closed","template":"","meta":{"footnotes":""},"class_list":["post-99","page","type-page","status-publish","hentry"],"_links":{"self":[{"href":"https:\/\/goerlitzer-meridian.de\/index.php?rest_route=\/wp\/v2\/pages\/99","targetHints":{"allow":["GET"]}}],"collection":[{"href":"https:\/\/goerlitzer-meridian.de\/index.php?rest_route=\/wp\/v2\/pages"}],"about":[{"href":"https:\/\/goerlitzer-meridian.de\/index.php?rest_route=\/wp\/v2\/types\/page"}],"author":[{"embeddable":true,"href":"https:\/\/goerlitzer-meridian.de\/index.php?rest_route=\/wp\/v2\/users\/1"}],"replies":[{"embeddable":true,"href":"https:\/\/goerlitzer-meridian.de\/index.php?rest_route=%2Fwp%2Fv2%2Fcomments&post=99"}],"version-history":[{"count":19,"href":"https:\/\/goerlitzer-meridian.de\/index.php?rest_route=\/wp\/v2\/pages\/99\/revisions"}],"predecessor-version":[{"id":451,"href":"https:\/\/goerlitzer-meridian.de\/index.php?rest_route=\/wp\/v2\/pages\/99\/revisions\/451"}],"up":[{"embeddable":true,"href":"https:\/\/goerlitzer-meridian.de\/index.php?rest_route=\/wp\/v2\/pages\/85"}],"wp:attachment":[{"href":"https:\/\/goerlitzer-meridian.de\/index.php?rest_route=%2Fwp%2Fv2%2Fmedia&parent=99"}],"curies":[{"name":"wp","href":"https:\/\/api.w.org\/{rel}","templated":true}]}}